{"version":"1.0","type":"rich","provider_name":"MRAP","provider_url":"https:\/\/mrap.fr","title":"TRIBUNE COLLECTIVE &#8220;V\u00c9RIT\u00c9 ET JUSTICE&#8221;, PUBLI\u00c9E SUR LIB\u00c9RATION","author_name":"Secretariat Direction","width":"800","height":"600","url":"https:\/\/mrap.fr\/tribune-collective-verite-et-justice-publiee-sur-liberation.html","html":"\u003Ch4 class='title'\u003E\u003Ca href='https:\/\/mrap.fr\/tribune-collective-verite-et-justice-publiee-sur-liberation.html'\u003ETRIBUNE COLLECTIVE &#8220;V\u00c9RIT\u00c9 ET JUSTICE&#8221;, PUBLI\u00c9E SUR LIB\u00c9RATION\u003C\/a\u003E\u003C\/h4\u003E\u003Cblockquote class='spip'\u003E\n\u003Cp\u003ETRIBUNE PUBLI\u00c9E SUR LIB\u00c9RATION, sign\u00e9e par plusieurs personnalit\u00e9s et organisations, contre les violences polici\u00e8res et le racisme. Signez vous aussi la p\u00e9tition pour apporter votre soutien&nbsp;! \n\u003Cbr class='autobr' \/\u003E\n LE 1ER JUILLET 2020 \n\u003Cbr class='autobr' \/\u003E\nLe monde entier d\u00e9file, avec ou sans autorisation, pour condamner l\u2019assassinat de George Floyd, honorer sa m\u00e9moire, et d\u00e9clarer qu\u2019enfin les personnes noires, victimes \u00e0 diff\u00e9rents degr\u00e9s de racisme syst\u00e9mique et institutionnel, doivent pouvoir &#171;&nbsp;respirer&nbsp;&#187;, c\u2019est-\u00e0-dire vivre&nbsp;(\u2026)\u003C\/p\u003E\n\u003C\/blockquote\u003E\n"}